{"id":137,"date":"2018-11-03T12:56:37","date_gmt":"2018-11-03T12:56:37","guid":{"rendered":"http:\/\/eliott-prestige.com\/?page_id=137"},"modified":"2018-11-12T13:17:28","modified_gmt":"2018-11-12T13:17:28","slug":"administrations","status":"publish","type":"page","link":"https:\/\/eliott-prestige.com\/en\/administrations\/","title":{"rendered":"Administrations"},"content":{"rendered":"<p>[vc_row full_width=&#8221;stretch_row_content_no_spaces&#8221;][vc_column][vc_column_text]<\/p>\n<header id=\"header\" class=\"triangle header-title about\" style=\"background-image: url('https:\/\/www.car-private.fr\/wp-content\/uploads\/2016\/11\/le-palais-de-l-elysee-2_5328511.jpg'); no-repeat center;background-size: cover; background-repeat: no-repeat; background-position: center;\">[\/vc_column_text][\/vc_column][\/vc_row][vc_row][vc_column][vc_empty_space height=&#8221;100px&#8221;][\/vc_column][\/vc_row][vc_row][vc_column][vc_column_text]<\/p>\n<section class=\"content-block\" style=\"; );background-size: cover;\">\n<div class=\"container\">\n<div class=\"row cp_title\">\n<p><img loading=\"lazy\" class=\"alignnone size-full wp-image-3786\" src=\"https:\/\/www.car-private.fr\/wp-content\/uploads\/2016\/11\/client_administration.jpg\" alt=\"client_administration\" width=\"1000\" height=\"1000\" \/><\/p>\n<div>\n<p>Pour le transport de personnalit\u00e9s politiques ou de membres de d\u00e9l\u00e9gations lors des sommets internationaux ou de visites officielles, faites confiance aux chauffeurs diplomatiques de Car Private. Dipl\u00f4m\u00e9s de l\u2019un des plus grands centres de formation en conduite d\u00e9fensive de France, ils accompagneront vos d\u00e9l\u00e9gu\u00e9s et VIPs lors de leurs d\u00e9placements officiels.<\/p>\n<\/div>\n<\/div>\n<div class=\"row cp_content\" style=\"height: 500px;\">\n<div class=\"sc-column col-lg-4 col-md- col-sm- col-xs- col-lg-offset- \">\n<h2>Confidentialit\u00e9\u00a0: la discr\u00e9tion de nos chauffeurs diplomatiques<\/h2>\n<p>Nos chauffeurs sont inform\u00e9s du caract\u00e8re confidentiel de chacune de leurs missions. Confidentialit\u00e9, efficacit\u00e9, s\u00e9curit\u00e9, confort sont nos maitres mots. Nos v\u00e9hicules sont des lieux s\u00fbrs o\u00f9 vos d\u00e9l\u00e9gu\u00e9s pourront continuer d\u2019exercer leurs fonctions, en toute tranquillit\u00e9.<\/p>\n<\/div>\n<div class=\"sc-column col-lg-4 col-md- col-sm- col-xs- col-lg-offset- \">\n<h2>Respect des temps de trajets\u00a0: l\u2019optimisation du parcours<\/h2>\n<p>Parce que le temps n\u2019a pas de prix, nos chauffeurs professionnels mettent tout en \u0153uvre pour mener vos d\u00e9l\u00e9gu\u00e9s \u00e0 destination dans les meilleurs d\u00e9lais. Leurs connaissances topographiques approfondies, ainsi que les outils informatiques de suivi du trafic permettent d\u2019optimiser les temps de trajets.<\/p>\n<\/div>\n<div class=\"sc-column col-lg-4 col-md- col-sm- col-xs- col-lg-offset- \">\n<h2>Vos d\u00e9placements<br \/>\nen toute tranquillit\u00e9<\/h2>\n<p>Optez pour la tranquillit\u00e9 en choisissant le service de transport avec chauffeur de hautes personnalit\u00e9s Car Private. Profitez du professionnalisme de nos chauffeurs sp\u00e9cialis\u00e9s dans le transport de d\u00e9l\u00e9gations officielles, ou de membre du personnel d\u2019administrations ou d\u2019ambassades.<\/p>\n<\/div>\n<\/div>\n<div class=\"row Tous-mrg-tp\">\n<div style=\"background-color: #1e2e42; color: #fff; padding: 25px; margin-top: 50px;\"><center><i>Tous nos v\u00e9hicules r\u00e9pondent aux normes de s\u00e9curit\u00e9 en vigueur et sont \u00e9quip\u00e9s de nombreuses options de confort : si\u00e8ges en cuir, climatisation bizone, acc\u00e8s Wi-Fi\u2026 Nous vous proposons \u00e9galement divers services comme la distribution de rafra\u00eechissements \u00e0 bord et la mise \u00e0 disposition de la presse du jour. Vos d\u00e9l\u00e9gu\u00e9s profiteront ainsi d\u2019un moment de d\u00e9tente pendant leurs d\u00e9placements.<\/i><\/center><\/div>\n<\/div>\n<\/div>\n<\/section>\n<p>[\/vc_column_text][\/vc_column][\/vc_row][vc_row][vc_column][vc_column_text]<\/p>\n<\/header>\n<p>[\/vc_column_text][\/vc_column][\/vc_row]<\/p>\n","protected":false},"excerpt":{"rendered":"<p>[vc_row full_width=&#8221;stretch_row_content_no_spaces&#8221;][vc_column][vc_column_text] [\/vc_column_text][\/vc_column][\/vc_row][vc_row][vc_column][vc_empty_space height=&#8221;100px&#8221;][\/vc_column][\/vc_row][vc_row][vc_column][vc_column_text] Pour le transport de personnalit\u00e9s politiques ou de membres de d\u00e9l\u00e9gations lors des sommets internationaux ou de visites officielles, faites confiance aux chauffeurs diplomatiques de Car Private. Dipl\u00f4m\u00e9s de l\u2019un des plus grands centres de formation en conduite d\u00e9fensive de France, ils accompagneront vos d\u00e9l\u00e9gu\u00e9s et VIPs lors de leurs d\u00e9placements[&#8230;]<\/p>\n<p class=\"button_more\"><a href=\"https:\/\/eliott-prestige.com\/en\/administrations\/\" class=\"btn dark\">Lire la suite<\/a><\/p>\n","protected":false},"author":3,"featured_media":0,"parent":0,"menu_order":0,"comment_status":"closed","ping_status":"closed","template":"","meta":[],"_links":{"self":[{"href":"https:\/\/eliott-prestige.com\/en\/wp-json\/wp\/v2\/pages\/137\/"}],"collection":[{"href":"https:\/\/eliott-prestige.com\/en\/wp-json\/wp\/v2\/pages\/"}],"about":[{"href":"https:\/\/eliott-prestige.com\/en\/wp-json\/wp\/v2\/types\/page\/"}],"author":[{"embeddable":true,"href":"https:\/\/eliott-prestige.com\/en\/wp-json\/wp\/v2\/users\/3\/"}],"replies":[{"embeddable":true,"href":"https:\/\/eliott-prestige.com\/en\/wp-json\/wp\/v2\/comments\/?post=137"}],"version-history":[{"count":6,"href":"https:\/\/eliott-prestige.com\/en\/wp-json\/wp\/v2\/pages\/137\/revisions\/"}],"predecessor-version":[{"id":400,"href":"https:\/\/eliott-prestige.com\/en\/wp-json\/wp\/v2\/pages\/137\/revisions\/400\/"}],"wp:attachment":[{"href":"https:\/\/eliott-prestige.com\/en\/wp-json\/wp\/v2\/media\/?parent=137"}],"curies":[{"name":"wp","href":"https:\/\/api.w.org\/{rel}","templated":true}]}}