{"id":139,"date":"2018-11-03T12:56:55","date_gmt":"2018-11-03T12:56:55","guid":{"rendered":"http:\/\/eliott-prestige.com\/?page_id=139"},"modified":"2019-04-04T11:03:33","modified_gmt":"2019-04-04T11:03:33","slug":"events","status":"publish","type":"page","link":"https:\/\/eliott-prestige.com\/en\/events\/","title":{"rendered":"Events"},"content":{"rendered":"<p>[vc_row full_width=&#8221;stretch_row_content_no_spaces&#8221;][vc_column][vc_column_text]<\/p>\n<header id=\"header\" class=\"triangle header-title about\" style=\"background-image: url('https:\/\/www.car-private.fr\/wp-content\/uploads\/2017\/12\/header_event.jpg'); no-repeat center;background-size: cover; background-repeat: no-repeat; background-position: center;\">\u00a0<\/header>\n<p>[\/vc_column_text][\/vc_column][\/vc_row][vc_row][vc_column][vc_empty_space height=&#8221;100px&#8221;][\/vc_column][\/vc_row][vc_row][vc_column][vc_column_text]<\/p>\n<section class=\"content-block\" style=\"; );background-size: cover;\">\n<div class=\"container\">\n<div class=\"row \">\n<div class=\"col-lg-3 col-md-4 col-sm-6 col-xs-12 col-lg-offset- one-fourth\">\n<div class=\"pageblock\"><img src=\"https:\/\/www.car-private.fr\/wp-content\/uploads\/2016\/11\/img_event.jpg\" alt=\"Car Private - Solutions pour les agences \u00e9v\u00e8nementielles\" \/><\/div>\n<\/div>\n<div class=\"col-lg-6 col-md-8 col-sm-6 col-xs-12 col-lg-offset- one-fourth\">\n<div class=\"pageblock\" style=\"background-color: #1e2e42;\">\n<h3 class=\"Une-h3\">Une prestation \u00e0 la hauteur de vos \u00e9v\u00e9nements<\/h3>\n<h3 class=\"Une-h3-2\" style=\"font-size: 1em;\">Car Private votre agence de transport \u00e9v\u00e9nementiel.<br \/>\nNous assurons l\u2019int\u00e9gralit\u00e9 de vos besoins de voiture avec chauffeur quelle que soit la nature et l\u2019envergure de l\u2019\u00e9v\u00e9nement que vous organisez.<br \/>\nOptez pour la tranquillit\u00e9 en faisant appel \u00e0 notre agence d&#8217;\u00e9v\u00e9nement voiture avec chauffeur, un partenaire de confiance.<\/h3>\n<\/div>\n<\/div>\n<div class=\"col-lg-3 col-md-4 col-sm-6 col-xs-12 col-lg-offset- one-fourth hidden-sm hidden-md hidden-xs\">\n<div class=\"pageblock\"><img loading=\"lazy\" class=\"alignleft size-full wp-image-3303\" src=\"https:\/\/www.car-private.fr\/wp-content\/uploads\/2016\/11\/Car-Private-transport-pour-evenementiel_recrop.jpg\" alt=\"Car Private - Transport pour events\" width=\"357\" height=\"262\" \/><\/div>\n<\/div>\n<div class=\"col-lg-3 col-md-4 col-sm-6 col-xs-12 col-lg-offset- one-fourth\">\n<div class=\"pageblock\" style=\"background-color: #1e2e42;\">\n<h3 class=\"car-prit-h3\" style=\"font-size: 1.5em;\">Car private c&#8217;est :<\/h3>\n<h3 class=\"car-prit-h3-2\" style=\"font-size: 0.8em; line-height: 17px;\">La capacit\u00e9 \u00e0 g\u00e9rer jusqu\u2019\u00e0 300 v\u00e9hicules en m\u00eame temps<br \/>\n&#8211;<br \/>\nDes chauffeurs professionnels.<br \/>\n&#8211;<br \/>\nUne flotte homog\u00e8ne derni\u00e8re g\u00e9n\u00e9ration<br \/>\n&#8211;<br \/>\nWi-Fi, presse du jour, rafra\u00eechissements \u00e0 bord<\/h3>\n<\/div>\n<\/div>\n<div class=\"col-lg-3 col-md-4 col-sm-6 col-xs-12 col-lg-offset- one-fourth\">\n<div class=\"pageblock exper-div\">\n<h1 class=\"exper-h1\">Exp\u00e9rience<\/h1>\n<p>Une exp\u00e9rience prouv\u00e9e de la gestion d\u2019\u00e9v\u00e9nements complexes, des chauffeurs de m\u00e9tier rompus aux sp\u00e9cifi\u00e9s de ces missions et une flotte sans \u00e9gale dans notre secteur font de Car Private un <b>sp\u00e9cialiste du transport \u00e9v\u00e9nementiel.<\/b><\/p>\n<\/div>\n<\/div>\n<div class=\"col-lg-3 col-md-4 col-sm-6 col-xs-12 col-lg-offset- one-fourth\">\n<div class=\"pageblock\">\n<h1 class=\"interlocuteur-h1\">Un interlocuteur unique<\/h1>\n<p class=\"interlocuteur-p1\" style=\"font-size: 0.7em; padding-top: 20px;\">Parce que la nature d\u2019un \u00e9v\u00e9nement est changeante, <b>Car Private Event<\/b> a mis en place un dispositif permettant de vous garantir la plus grande r\u00e9activit\u00e9. Gr\u00e2ce \u00e0 notre cellule Event d\u00e9di\u00e9e et nos outils de gestion high-tech, les changements de derni\u00e8re minute sont op\u00e9r\u00e9s instantan\u00e9ment afin de respecter le planning de votre \u00e9v\u00e9nement quel qu\u2019en soit la complexit\u00e9.<\/p>\n<\/div>\n<\/div>\n<div class=\"col-lg-3 col-md-4 col-sm-6 col-xs-12 col-lg-offset- one-fourth\">\n<div class=\"pageblock unique-24\" style=\"background-color: #1e2e42;\">\n<h3 class=\"unique-24\" style=\"font-size: 1em; line-height: 17px;\">Un interlocuteur unique disponible 24h\/24<br \/>\n&#8211;<br \/>\nDes Coordinateurs d\u00e9di\u00e9s<br \/>\n&#8211;<br \/>\nUne organisation rigoureuse avant, pendant et apr\u00e8s l\u2019\u00e9v\u00e8nement.<\/h3>\n<\/div>\n<\/div>\n<\/div>\n<div class=\"row \"><\/div>\n<\/div>\n<\/section>\n<p>[\/vc_column_text][\/vc_column][\/vc_row]<\/p>\n","protected":false},"excerpt":{"rendered":"<p>[vc_row full_width=&#8221;stretch_row_content_no_spaces&#8221;][vc_column][vc_column_text] \u00a0 [\/vc_column_text][\/vc_column][\/vc_row][vc_row][vc_column][vc_empty_space height=&#8221;100px&#8221;][\/vc_column][\/vc_row][vc_row][vc_column][vc_column_text] Une prestation \u00e0 la hauteur de vos \u00e9v\u00e9nements Car Private votre agence de transport \u00e9v\u00e9nementiel. Nous assurons l\u2019int\u00e9gralit\u00e9 de vos besoins de voiture avec chauffeur quelle que soit la nature et l\u2019envergure de l\u2019\u00e9v\u00e9nement que vous organisez. Optez pour la tranquillit\u00e9 en faisant appel \u00e0 notre agence d&#8217;\u00e9v\u00e9nement voiture avec[&#8230;]<\/p>\n<p class=\"button_more\"><a href=\"https:\/\/eliott-prestige.com\/en\/events\/\" class=\"btn dark\">Lire la suite<\/a><\/p>\n","protected":false},"author":3,"featured_media":0,"parent":0,"menu_order":0,"comment_status":"closed","ping_status":"closed","template":"","meta":[],"_links":{"self":[{"href":"https:\/\/eliott-prestige.com\/en\/wp-json\/wp\/v2\/pages\/139\/"}],"collection":[{"href":"https:\/\/eliott-prestige.com\/en\/wp-json\/wp\/v2\/pages\/"}],"about":[{"href":"https:\/\/eliott-prestige.com\/en\/wp-json\/wp\/v2\/types\/page\/"}],"author":[{"embeddable":true,"href":"https:\/\/eliott-prestige.com\/en\/wp-json\/wp\/v2\/users\/3\/"}],"replies":[{"embeddable":true,"href":"https:\/\/eliott-prestige.com\/en\/wp-json\/wp\/v2\/comments\/?post=139"}],"version-history":[{"count":12,"href":"https:\/\/eliott-prestige.com\/en\/wp-json\/wp\/v2\/pages\/139\/revisions\/"}],"predecessor-version":[{"id":1286,"href":"https:\/\/eliott-prestige.com\/en\/wp-json\/wp\/v2\/pages\/139\/revisions\/1286\/"}],"wp:attachment":[{"href":"https:\/\/eliott-prestige.com\/en\/wp-json\/wp\/v2\/media\/?parent=139"}],"curies":[{"name":"wp","href":"https:\/\/api.w.org\/{rel}","templated":true}]}}